{"id":458,"date":"2023-06-26T19:18:37","date_gmt":"2023-06-26T19:18:37","guid":{"rendered":"https:\/\/sempas.si\/wpsempas\/?page_id=458"},"modified":"2024-11-28T00:15:00","modified_gmt":"2024-11-28T00:15:00","slug":"studenec-nadvojvode-karola-fran-josipa","status":"publish","type":"page","link":"https:\/\/sempas.si\/wpsempas\/studenec-nadvojvode-karola-fran-josipa\/","title":{"rendered":"Studenec nadvojvode Karola Fran Josipa"},"content":{"rendered":"\n<div class=\"wp-block-query is-layout-flow wp-block-query-is-layout-flow\"><ul class=\"wp-block-post-template is-layout-flow wp-block-post-template-is-layout-flow\"><li class=\"wp-block-post post-660 post type-post status-publish format-standard has-post-thumbnail hentry category-studenec-nadvojvode\">\n<h2 class=\"has-link-color wp-elements-dfcbf35e947328c76c0247210e918e0a wp-block-post-title has-text-color has-secondary-color\"><a href=\"https:\/\/sempas.si\/wpsempas\/2023\/06\/26\/studenec-nadvojvode-karola-fran-josipa\/\" target=\"_self\" >Studenec nadvojvode Karola Fran Josipa<\/a><\/h2>\n\n<div class=\"wp-block-post-date\"><time datetime=\"2023-06-26T21:51:27+00:00\">26 junija, 2023<\/time><\/div>\n\n\n<div style=\"height:16px\" aria-hidden=\"true\" class=\"wp-block-spacer\"><\/div>\n\n\n<figure class=\"alignwide wp-block-post-featured-image\"><a href=\"https:\/\/sempas.si\/wpsempas\/2023\/06\/26\/studenec-nadvojvode-karola-fran-josipa\/\" target=\"_self\"  ><img decoding=\"async\" width=\"1000\" height=\"742\" src=\"https:\/\/sempas.si\/wpsempas\/wp-content\/uploads\/2023\/06\/09-4.jpg\" class=\"attachment-post-thumbnail size-post-thumbnail wp-post-image\" alt=\"Studenec nadvojvode Karola Fran Josipa\" style=\"object-fit:cover;\" srcset=\"https:\/\/sempas.si\/wpsempas\/wp-content\/uploads\/2023\/06\/09-4.jpg 1000w, https:\/\/sempas.si\/wpsempas\/wp-content\/uploads\/2023\/06\/09-4-300x223.jpg 300w, https:\/\/sempas.si\/wpsempas\/wp-content\/uploads\/2023\/06\/09-4-768x570.jpg 768w\" sizes=\"(max-width: 1000px) 100vw, 1000px\" \/><\/a><\/figure>\n\n<div class=\"wp-block-post-excerpt\"><p class=\"wp-block-post-excerpt__excerpt\">V \u0160empasu\u00a0ob stari \u0161oli\u00a0je Krajevna skupnost \u0160empas izgradila trg imenovan po botaniku Francu Kra\u0161anu rojenem v \u0160empasu leta 1840, umrl v Gradcu leta 1907 , kjer je tudi pokopan.\u00a0V desnem predelu trga se nahaja\u00a0Studenec nadvojvode Karol Fran Josip\u00a0. Studenec je bil postavljen v spomin na dan, ko je \u0160empas obiskal\u00a0prestolonaslednik \u00a0Avstroogrske \u00a0monarhije \u00a0Karel I. Habsbur\u0161ki<\/p><p class=\"wp-block-post-excerpt__more-text\"><a class=\"wp-block-post-excerpt__more-link\" href=\"https:\/\/sempas.si\/wpsempas\/2023\/06\/26\/studenec-nadvojvode-karola-fran-josipa\/\">Ve\u010d<\/a><\/p><\/div>\n<\/li><li class=\"wp-block-post post-1503 post type-post status-publish format-standard has-post-thumbnail hentry category-studenec-nadvojvode\">\n<h2 class=\"has-link-color wp-elements-dfcbf35e947328c76c0247210e918e0a wp-block-post-title has-text-color has-secondary-color\"><a href=\"https:\/\/sempas.si\/wpsempas\/2009\/08\/29\/avstrija-2009\/\" target=\"_self\" >Avstrija 2009<\/a><\/h2>\n\n<div class=\"wp-block-post-date\"><time datetime=\"2009-08-29T15:05:47+00:00\">29 avgusta, 2009<\/time><\/div>\n\n\n<div style=\"height:16px\" aria-hidden=\"true\" class=\"wp-block-spacer\"><\/div>\n\n\n<figure class=\"alignwide wp-block-post-featured-image\"><a href=\"https:\/\/sempas.si\/wpsempas\/2009\/08\/29\/avstrija-2009\/\" target=\"_self\"  ><img decoding=\"async\" width=\"1000\" height=\"750\" src=\"https:\/\/sempas.si\/wpsempas\/wp-content\/uploads\/2023\/08\/03-38.jpg\" class=\"attachment-post-thumbnail size-post-thumbnail wp-post-image\" alt=\"Avstrija 2009\" style=\"object-fit:cover;\" srcset=\"https:\/\/sempas.si\/wpsempas\/wp-content\/uploads\/2023\/08\/03-38.jpg 1000w, https:\/\/sempas.si\/wpsempas\/wp-content\/uploads\/2023\/08\/03-38-300x225.jpg 300w, https:\/\/sempas.si\/wpsempas\/wp-content\/uploads\/2023\/08\/03-38-768x576.jpg 768w\" sizes=\"(max-width: 1000px) 100vw, 1000px\" \/><\/a><\/figure>\n\n<div class=\"wp-block-post-excerpt\"><p class=\"wp-block-post-excerpt__excerpt\">Tokrat nas je pot popeljala v \u017delezno Kaplo Slovensko vas v Avstriji.\u00a0Navkljub slabemu vremenu je bilo vzdu\u0161je dobro.<\/p><p class=\"wp-block-post-excerpt__more-text\"><a class=\"wp-block-post-excerpt__more-link\" href=\"https:\/\/sempas.si\/wpsempas\/2009\/08\/29\/avstrija-2009\/\">Ve\u010d<\/a><\/p><\/div>\n<\/li><\/ul>\n\n<\/div>\n","protected":false},"excerpt":{"rendered":"","protected":false},"author":1,"featured_media":0,"parent":0,"menu_order":0,"comment_status":"closed","ping_status":"closed","template":"","meta":{"_sl_post_content":"<!-- wp:query {\"queryId\":39,\"query\":{\"perPage\":3,\"pages\":0,\"offset\":0,\"postType\":\"post\",\"order\":\"desc\",\"orderBy\":\"date\",\"author\":\"\",\"search\":\"\",\"exclude\":[],\"sticky\":\"\",\"inherit\":false,\"taxQuery\":{\"category\":[28]}}} -->\n<div class=\"wp-block-query\"><!-- wp:post-template -->\n<!-- wp:post-title {\"isLink\":true,\"style\":{\"elements\":{\"link\":{\"color\":{\"text\":\"var:preset|color|secondary\"}}}},\"textColor\":\"secondary\"} \/-->\n\n<!-- wp:post-date \/-->\n\n<!-- wp:spacer {\"height\":\"16px\"} -->\n<div style=\"height:16px\" aria-hidden=\"true\" class=\"wp-block-spacer\"><\/div>\n<!-- \/wp:spacer -->\n\n<!-- wp:post-featured-image {\"isLink\":true,\"align\":\"wide\"} \/-->\n\n<!-- wp:post-excerpt {\"moreText\":\"Ve\u010d\"} \/-->\n<!-- \/wp:post-template -->\n\n<!-- wp:query-pagination {\"layout\":{\"type\":\"flex\",\"flexWrap\":\"nowrap\",\"justifyContent\":\"space-between\"}} -->\n<!-- wp:query-pagination-previous {\"label\":\"\\u003c Prej\u0161nja\",\"style\":{\"typography\":{\"textTransform\":\"capitalize\"}},\"fontSize\":\"small\"} \/-->\n\n<!-- wp:query-pagination-next {\"label\":\"Naslednja \\u003e\",\"style\":{\"typography\":{\"textTransform\":\"capitalize\"}},\"fontSize\":\"small\"} \/-->\n<!-- \/wp:query-pagination --><\/div>\n<!-- \/wp:query -->","_sl_post_name":"studenec-nadvojvode-karola-fran-josipa","_sl_post_excerpt":"","_sl_post_title":"Studenec nadvojvode Karola Fran Josipa","_en_post_content":"","_en_post_name":"","_en_post_excerpt":"","_en_post_title":"","_it_post_content":"","_it_post_name":"","_it_post_excerpt":"","_it_post_title":"","edit_language":"sl","footnotes":""},"class_list":["post-458","page","type-page","status-publish","hentry"],"_links":{"self":[{"href":"https:\/\/sempas.si\/wpsempas\/wp-json\/wp\/v2\/pages\/458","targetHints":{"allow":["GET"]}}],"collection":[{"href":"https:\/\/sempas.si\/wpsempas\/wp-json\/wp\/v2\/pages"}],"about":[{"href":"https:\/\/sempas.si\/wpsempas\/wp-json\/wp\/v2\/types\/page"}],"author":[{"embeddable":true,"href":"https:\/\/sempas.si\/wpsempas\/wp-json\/wp\/v2\/users\/1"}],"replies":[{"embeddable":true,"href":"https:\/\/sempas.si\/wpsempas\/wp-json\/wp\/v2\/comments?post=458"}],"version-history":[{"count":1,"href":"https:\/\/sempas.si\/wpsempas\/wp-json\/wp\/v2\/pages\/458\/revisions"}],"predecessor-version":[{"id":459,"href":"https:\/\/sempas.si\/wpsempas\/wp-json\/wp\/v2\/pages\/458\/revisions\/459"}],"wp:attachment":[{"href":"https:\/\/sempas.si\/wpsempas\/wp-json\/wp\/v2\/media?parent=458"}],"curies":[{"name":"wp","href":"https:\/\/api.w.org\/{rel}","templated":true}]}}