{"id":260,"date":"2023-06-26T10:50:45","date_gmt":"2023-06-26T10:50:45","guid":{"rendered":"https:\/\/sempas.si\/wpsempas\/?page_id=260"},"modified":"2024-11-28T00:15:00","modified_gmt":"2024-11-28T00:15:00","slug":"drustvo-upokojencev-sempas-smihel-ozeljan-osek-vitovlje","status":"publish","type":"page","link":"https:\/\/sempas.si\/wpsempas\/drustvo-upokojencev-sempas-smihel-ozeljan-osek-vitovlje\/","title":{"rendered":"Dru\u0161tvo upokojencev \u0160empas (\u0160mihel, Ozeljan, Osek, Vitovlje)"},"content":{"rendered":"\n<div class=\"wp-block-query is-layout-flow wp-block-query-is-layout-flow\"><ul class=\"wp-block-post-template is-layout-flow wp-block-post-template-is-layout-flow\"><li class=\"wp-block-post post-1897 post type-post status-publish format-standard has-post-thumbnail hentry category-drustvo-upokojencev-sempas\">\n<h2 class=\"has-link-color wp-elements-dfcbf35e947328c76c0247210e918e0a wp-block-post-title has-text-color has-secondary-color\"><a href=\"https:\/\/sempas.si\/wpsempas\/2026\/02\/06\/skupaj-na-poti-pohodniska-druzenja-drustva-upokojencev\/\" target=\"_self\" >Skupaj na poti \u2013 pohodni\u0161ka dru\u017eenja Dru\u0161tva upokojencev<\/a><\/h2>\n\n<div class=\"wp-block-post-date\"><time datetime=\"2026-02-06T09:10:28+00:00\">6 februarja, 2026<\/time><\/div>\n\n\n<div style=\"height:16px\" aria-hidden=\"true\" class=\"wp-block-spacer\"><\/div>\n\n\n<figure class=\"alignwide wp-block-post-featured-image\"><a href=\"https:\/\/sempas.si\/wpsempas\/2026\/02\/06\/skupaj-na-poti-pohodniska-druzenja-drustva-upokojencev\/\" target=\"_self\"  ><img decoding=\"async\" width=\"1500\" height=\"844\" src=\"https:\/\/sempas.si\/wpsempas\/wp-content\/uploads\/2026\/02\/Image_2025-11-26_at_17.29.04.jpg\" class=\"attachment-post-thumbnail size-post-thumbnail wp-post-image\" alt=\"Skupaj na poti \u2013 pohodni\u0161ka dru\u017eenja Dru\u0161tva upokojencev\" style=\"object-fit:cover;\" srcset=\"https:\/\/sempas.si\/wpsempas\/wp-content\/uploads\/2026\/02\/Image_2025-11-26_at_17.29.04.jpg 1500w, https:\/\/sempas.si\/wpsempas\/wp-content\/uploads\/2026\/02\/Image_2025-11-26_at_17.29.04-300x169.jpg 300w, https:\/\/sempas.si\/wpsempas\/wp-content\/uploads\/2026\/02\/Image_2025-11-26_at_17.29.04-1024x576.jpg 1024w, https:\/\/sempas.si\/wpsempas\/wp-content\/uploads\/2026\/02\/Image_2025-11-26_at_17.29.04-768x432.jpg 768w\" sizes=\"(max-width: 1500px) 100vw, 1500px\" \/><\/a><\/figure>\n\n<div class=\"wp-block-post-excerpt\"><p class=\"wp-block-post-excerpt__excerpt\">V Dru\u0161tvu upokojencev verjamemo, da so gibanje, dobra dru\u017eba in odkrivanje novih krajev recept za aktivno in zadovoljno \u017eivljenje. Prav zato smo v preteklih letih organizirali ve\u010d pohodni\u0161kih sre\u010danj, ki so nas povezala, razgibala in obogatila z lepimi spomini. Na\u0161i pohodi niso namenjeni le hoji, temve\u010d predvsem dru\u017eenju, pogovorom in skupnemu do\u017eivljanju narave. Skupaj smo<\/p><p class=\"wp-block-post-excerpt__more-text\"><a class=\"wp-block-post-excerpt__more-link\" href=\"https:\/\/sempas.si\/wpsempas\/2026\/02\/06\/skupaj-na-poti-pohodniska-druzenja-drustva-upokojencev\/\">Ve\u010d<\/a><\/p><\/div>\n<\/li><li class=\"wp-block-post post-826 post type-post status-publish format-standard has-post-thumbnail hentry category-drustvo-upokojencev-sempas\">\n<h2 class=\"has-link-color wp-elements-dfcbf35e947328c76c0247210e918e0a wp-block-post-title has-text-color has-secondary-color\"><a href=\"https:\/\/sempas.si\/wpsempas\/2020\/06\/27\/pohod-po-vitovskih-poteh\/\" target=\"_self\" >Pohod po vitovskih poteh<\/a><\/h2>\n\n<div class=\"wp-block-post-date\"><time datetime=\"2020-06-27T16:25:06+00:00\">27 junija, 2020<\/time><\/div>\n\n\n<div style=\"height:16px\" aria-hidden=\"true\" class=\"wp-block-spacer\"><\/div>\n\n\n<figure class=\"alignwide wp-block-post-featured-image\"><a href=\"https:\/\/sempas.si\/wpsempas\/2020\/06\/27\/pohod-po-vitovskih-poteh\/\" target=\"_self\"  ><img decoding=\"async\" width=\"1000\" height=\"750\" src=\"https:\/\/sempas.si\/wpsempas\/wp-content\/uploads\/2023\/06\/001-6.jpg\" class=\"attachment-post-thumbnail size-post-thumbnail wp-post-image\" alt=\"Pohod po vitovskih poteh\" style=\"object-fit:cover;\" srcset=\"https:\/\/sempas.si\/wpsempas\/wp-content\/uploads\/2023\/06\/001-6.jpg 1000w, https:\/\/sempas.si\/wpsempas\/wp-content\/uploads\/2023\/06\/001-6-300x225.jpg 300w, https:\/\/sempas.si\/wpsempas\/wp-content\/uploads\/2023\/06\/001-6-768x576.jpg 768w\" sizes=\"(max-width: 1000px) 100vw, 1000px\" \/><\/a><\/figure>\n\n<div class=\"wp-block-post-excerpt\"><p class=\"wp-block-post-excerpt__excerpt\">Na\u0161i upokojenci so v\u010deraj, nedelja 8.4.2018 organizirali \u017ee tradicionalen pohod po vitovskih poteh. Z udele\u017ebo so bili zelo zadovoljni. Po pohodu je sledilo prijetno dru\u017eenje.<\/p><p class=\"wp-block-post-excerpt__more-text\"><a class=\"wp-block-post-excerpt__more-link\" href=\"https:\/\/sempas.si\/wpsempas\/2020\/06\/27\/pohod-po-vitovskih-poteh\/\">Ve\u010d<\/a><\/p><\/div>\n<\/li><li class=\"wp-block-post post-819 post type-post status-publish format-standard has-post-thumbnail hentry category-drustvo-upokojencev-sempas\">\n<h2 class=\"has-link-color wp-elements-dfcbf35e947328c76c0247210e918e0a wp-block-post-title has-text-color has-secondary-color\"><a href=\"https:\/\/sempas.si\/wpsempas\/2020\/06\/27\/delo-drustva-2018\/\" target=\"_self\" >Delo dru\u0161tva 2018<\/a><\/h2>\n\n<div class=\"wp-block-post-date\"><time datetime=\"2020-06-27T16:22:34+00:00\">27 junija, 2020<\/time><\/div>\n\n\n<div style=\"height:16px\" aria-hidden=\"true\" class=\"wp-block-spacer\"><\/div>\n\n\n<figure class=\"alignwide wp-block-post-featured-image\"><a href=\"https:\/\/sempas.si\/wpsempas\/2020\/06\/27\/delo-drustva-2018\/\" target=\"_self\"  ><img decoding=\"async\" width=\"1000\" height=\"667\" src=\"https:\/\/sempas.si\/wpsempas\/wp-content\/uploads\/2023\/06\/03-7.jpg\" class=\"attachment-post-thumbnail size-post-thumbnail wp-post-image\" alt=\"Delo dru\u0161tva 2018\" style=\"object-fit:cover;\" srcset=\"https:\/\/sempas.si\/wpsempas\/wp-content\/uploads\/2023\/06\/03-7.jpg 1000w, https:\/\/sempas.si\/wpsempas\/wp-content\/uploads\/2023\/06\/03-7-300x200.jpg 300w, https:\/\/sempas.si\/wpsempas\/wp-content\/uploads\/2023\/06\/03-7-768x512.jpg 768w\" sizes=\"(max-width: 1000px) 100vw, 1000px\" \/><\/a><\/figure>\n\n<div class=\"wp-block-post-excerpt\"><p class=\"wp-block-post-excerpt__excerpt\">V letu 2018 bomo imeli slede\u010da dela 1. Praznovali bomo 8. marec s kulturnim in zabavnim programom, na ta dan bomo imeli tudi ob\u010dni zbor D.U.2. Organizirali bomo tradicionalni pohod po Vitovljah (8.4.2018)3. Maja bomo prisotni na tradicionalni bri\u0161koli v Solkanu4. \u0160porten igre upokojencev Primorske- meseca maja5. Dvodnevni izlet \u0160vica in Boromejski otoki 9.-10.6.20186. Sre\u010danje<\/p><p class=\"wp-block-post-excerpt__more-text\"><a class=\"wp-block-post-excerpt__more-link\" href=\"https:\/\/sempas.si\/wpsempas\/2020\/06\/27\/delo-drustva-2018\/\">Ve\u010d<\/a><\/p><\/div>\n<\/li><\/ul>\n\n<\/div>\n","protected":false},"excerpt":{"rendered":"","protected":false},"author":1,"featured_media":0,"parent":0,"menu_order":4,"comment_status":"closed","ping_status":"closed","template":"","meta":{"_sl_post_content":"<!-- wp:query {\"queryId\":39,\"query\":{\"perPage\":3,\"pages\":0,\"offset\":0,\"postType\":\"post\",\"order\":\"desc\",\"orderBy\":\"date\",\"author\":\"\",\"search\":\"\",\"exclude\":[],\"sticky\":\"\",\"inherit\":false,\"taxQuery\":{\"category\":[12]}}} -->\n<div class=\"wp-block-query\"><!-- wp:post-template -->\n<!-- wp:post-title {\"isLink\":true,\"style\":{\"elements\":{\"link\":{\"color\":{\"text\":\"var:preset|color|secondary\"}}}},\"textColor\":\"secondary\"} \/-->\n\n<!-- wp:post-date \/-->\n\n<!-- wp:spacer {\"height\":\"16px\"} -->\n<div style=\"height:16px\" aria-hidden=\"true\" class=\"wp-block-spacer\"><\/div>\n<!-- \/wp:spacer -->\n\n<!-- wp:post-featured-image {\"isLink\":true,\"align\":\"wide\"} \/-->\n\n<!-- wp:post-excerpt {\"moreText\":\"Ve\u010d\"} \/-->\n<!-- \/wp:post-template -->\n\n<!-- wp:query-pagination {\"layout\":{\"type\":\"flex\",\"flexWrap\":\"nowrap\",\"justifyContent\":\"space-between\"}} -->\n<!-- wp:query-pagination-previous {\"label\":\"\\u003c Prej\u0161nja\",\"style\":{\"typography\":{\"textTransform\":\"capitalize\"}},\"fontSize\":\"small\"} \/-->\n\n<!-- wp:query-pagination-next {\"label\":\"Naslednja \\u003e\",\"style\":{\"typography\":{\"textTransform\":\"capitalize\"}},\"fontSize\":\"small\"} \/-->\n<!-- \/wp:query-pagination --><\/div>\n<!-- \/wp:query -->","_sl_post_name":"drustvo-upokojencev-sempas-smihel-ozeljan-osek-vitovlje","_sl_post_excerpt":"","_sl_post_title":"Dru\u0161tvo upokojencev \u0160empas (\u0160mihel, Ozeljan, Osek, Vitovlje)","_en_post_content":"","_en_post_name":"","_en_post_excerpt":"","_en_post_title":"","_it_post_content":"","_it_post_name":"","_it_post_excerpt":"","_it_post_title":"","edit_language":"sl","footnotes":""},"class_list":["post-260","page","type-page","status-publish","hentry"],"_links":{"self":[{"href":"https:\/\/sempas.si\/wpsempas\/wp-json\/wp\/v2\/pages\/260","targetHints":{"allow":["GET"]}}],"collection":[{"href":"https:\/\/sempas.si\/wpsempas\/wp-json\/wp\/v2\/pages"}],"about":[{"href":"https:\/\/sempas.si\/wpsempas\/wp-json\/wp\/v2\/types\/page"}],"author":[{"embeddable":true,"href":"https:\/\/sempas.si\/wpsempas\/wp-json\/wp\/v2\/users\/1"}],"replies":[{"embeddable":true,"href":"https:\/\/sempas.si\/wpsempas\/wp-json\/wp\/v2\/comments?post=260"}],"version-history":[{"count":2,"href":"https:\/\/sempas.si\/wpsempas\/wp-json\/wp\/v2\/pages\/260\/revisions"}],"predecessor-version":[{"id":818,"href":"https:\/\/sempas.si\/wpsempas\/wp-json\/wp\/v2\/pages\/260\/revisions\/818"}],"wp:attachment":[{"href":"https:\/\/sempas.si\/wpsempas\/wp-json\/wp\/v2\/media?parent=260"}],"curies":[{"name":"wp","href":"https:\/\/api.w.org\/{rel}","templated":true}]}}